{"id":1117,"date":"2019-09-11T17:00:59","date_gmt":"2019-09-11T15:00:59","guid":{"rendered":"https:\/\/www.zenetqi.fr\/?page_id=1117"},"modified":"2023-10-06T12:31:37","modified_gmt":"2023-10-06T10:31:37","slug":"emmanuel-desjeux","status":"publish","type":"page","link":"https:\/\/www.zenetqi.fr\/index.php\/emmanuel-desjeux\/","title":{"rendered":"Emmanuel Desjeux"},"content":{"rendered":"<p>[et_pb_section fb_built=\u00a0\u00bb1&Prime; fullwidth=\u00a0\u00bbon\u00a0\u00bb _builder_version=\u00a0\u00bb4.16&Prime; background_color=\u00a0\u00bb#f2f2f2&Prime; custom_padding=\u00a0\u00bb||100px||false|false\u00a0\u00bb global_colors_info=\u00a0\u00bb{}\u00a0\u00bb][et_pb_fullwidth_post_title meta=\u00a0\u00bboff\u00a0\u00bb featured_image=\u00a0\u00bboff\u00a0\u00bb _builder_version=\u00a0\u00bb4.16&Prime; title_text_align=\u00a0\u00bbcenter\u00a0\u00bb title_font_size=\u00a0\u00bb36px\u00a0\u00bb global_colors_info=\u00a0\u00bb{}\u00a0\u00bb][\/et_pb_fullwidth_post_title][\/et_pb_section][et_pb_section fb_built=\u00a0\u00bb1&Prime; _builder_version=\u00a0\u00bb4.16&Prime; global_colors_info=\u00a0\u00bb{}\u00a0\u00bb][et_pb_row _builder_version=\u00a0\u00bb4.16&Prime; background_size=\u00a0\u00bbinitial\u00a0\u00bb background_position=\u00a0\u00bbtop_left\u00a0\u00bb background_repeat=\u00a0\u00bbrepeat\u00a0\u00bb global_colors_info=\u00a0\u00bb{}\u00a0\u00bb][et_pb_column type=\u00a0\u00bb4_4&Prime; _builder_version=\u00a0\u00bb4.16&Prime; custom_padding=\u00a0\u00bb|||\u00a0\u00bb global_colors_info=\u00a0\u00bb{}\u00a0\u00bb custom_padding__hover=\u00a0\u00bb|||\u00a0\u00bb][et_pb_image src=\u00a0\u00bbhttps:\/\/www.zenetqi.fr\/wp-content\/uploads\/2019\/09\/emmanuel.jpg\u00a0\u00bb align=\u00a0\u00bbcenter\u00a0\u00bb _builder_version=\u00a0\u00bb4.16&Prime; global_colors_info=\u00a0\u00bb{}\u00a0\u00bb][\/et_pb_image][et_pb_text _builder_version=\u00a0\u00bb4.16&Prime; background_size=\u00a0\u00bbinitial\u00a0\u00bb background_position=\u00a0\u00bbtop_left\u00a0\u00bb background_repeat=\u00a0\u00bbrepeat\u00a0\u00bb text_orientation=\u00a0\u00bbjustified\u00a0\u00bb global_colors_info=\u00a0\u00bb{}\u00a0\u00bb]<\/p>\n<h3>Formation :<\/h3>\n<p>Apr\u00e8s quatre ann\u00e9es de pratique en autodidacte, je poursuis mon apprentissage en cours collectif en 1985 avec Patrick Tomatis, alors pr\u00e9sident de la F\u00e9d\u00e9ration Fran\u00e7aise de Yoga. J&rsquo;acquiers alors les bases, la rigueur et la profondeur du Hatha Yoga. Je d\u00e9couvre ensuite le yoga tib\u00e9tain avec un maitre : Paul Chabot (GFEY), qui m&rsquo;initie \u00e0 un yoga o\u00f9 la p\u00e9dagogie est bas\u00e9e sur le l\u00e2cher-prise dans l&rsquo;intention de se connecter aux \u00e9nergies subtiles. Je suis ses cours, pratiques et didactiques pendant dix ans, jusqu&rsquo;\u00e0 ce qu&rsquo;il me demande d&rsquo;enseigner \u00e0 mon tour.<\/p>\n<h3>Enseignement :<\/h3>\n<p>J&rsquo;enseigne le yoga tib\u00e9tain. Les postures sont riches, mais ne demandent pas de souplesse particuli\u00e8re. La respiration a une place tr\u00e8s importante dans le cours, elle permet d&rsquo;apprendre \u00e0 mobiliser, nettoyer et \u00e9quilibrer les \u00e9nergies duelles dans les chakras et les nadis. Le but \u00e9tant de prendre conscience de la fa\u00e7on dont nous g\u00e9rons ces \u00e9nergies.<\/p>\n<h3>Formation continue :<\/h3>\n<p>R\u00e9guli\u00e8rement en contact avec des lamas tib\u00e9tains, je continue d&rsquo;enrichir mes connaissances de la culture tib\u00e9taine et de ses pratiques subtiles, des techniques de m\u00e9ditation, de yoga et de tsalung. J&rsquo;ai organis\u00e9 avec eux les salons Zen et Qi \u00ab\u00a0bouddhisme et bien-\u00eatre\u00a0\u00bb. J&rsquo;organise des voyages en petits groupes dans l\u2019Himalaya, la prochaine destination sera le Bhoutan.<\/p>\n<h3>Documentation :<\/h3>\n<p>J&rsquo;ai enregistr\u00e9 deux CD de cours de yoga tib\u00e9tain \u00e9dit\u00e9s par \u00a0\u00bb Le Souffle d&rsquo;Or \u00ab\u00a0, et compos\u00e9 plusieurs CD de musiques de relaxation avec le duo \u00a0\u00bb Phinuel \u00ab\u00a0.<\/p>\n<p>[\/et_pb_text][\/et_pb_column][\/et_pb_row][\/et_pb_section]<\/p>\n","protected":false},"excerpt":{"rendered":"<p>Formation : Apr\u00e8s quatre ann\u00e9es de pratique en autodidacte, je poursuis mon apprentissage en cours collectif en 1985 avec Patrick Tomatis, alors pr\u00e9sident de la F\u00e9d\u00e9ration Fran\u00e7aise de Yoga. J&rsquo;acquiers alors les bases, la rigueur et la profondeur du Hatha Yoga. Je d\u00e9couvre ensuite le yoga tib\u00e9tain avec un maitre : Paul Chabot (GFEY), qui [&hellip;]<\/p>\n","protected":false},"author":1,"featured_media":0,"parent":0,"menu_order":0,"comment_status":"closed","ping_status":"closed","template":"","meta":{"_et_pb_use_builder":"on","_et_pb_old_content":"<p><img src=\"images\/\/ZQ18\/emmanuel.jpg\" alt=\"emmanuel desjeux\" ><\/p>\r\n\r\n  \r\n\r\n                        <h3>Formation :<\/h3>\r\n\r\n                         <p>Apr\u00e8s quatre ann\u00e9es de pratique en autodidacte, je poursuis  mon apprentissage en cours collectif en 1985 avec Patrick Tomatis, \r\n\r\n                         alors pr\u00e9sident de la F\u00e9d\u00e9ration Fran\u00e7aise de Yoga. J'acquiers alors les bases, la rigueur et la profondeur du Hatha Yoga. <br>\u00a0<br>\r\n\r\nJe d\u00e9couvre ensuite le yoga tib\u00e9tain avec  un maitre : Paul Chabot (GFEY), qui m'initie \u00e0 un yoga o\u00f9 la p\u00e9dagogie est bas\u00e9e sur le l\u00e2cher-prise dans \r\n\r\nl'intention de se connecter aux \u00e9nergies subtiles.  Je suis ses cours, pratiques et didactiques pendant dix ans, jusqu'\u00e0 ce qu'il me demande d'enseigner \r\n\r\n\u00e0 mon tour.<\/p>\r\n\r\n\r\n\r\n                        <h3>Enseignement :<\/h3>\r\n\r\n                         <p>J'enseigne  le  yoga tib\u00e9tain. Les postures sont riches, mais ne demandent pas de souplesse particuli\u00e8re. La respiration a une \r\n\r\n                         place tr\u00e8s importante dans le cours, elle permet d'apprendre \u00e0 mobiliser, nettoyer et \u00e9quilibrer les \u00e9nergies duelles dans les \r\n\r\n                         chakras et les nadis. Le but \u00e9tant de prendre conscience de la fa\u00e7on dont nous g\u00e9rons ces \u00e9nergies. <\/p>\r\n\r\n\r\n   \r\n\r\n                        <h3>Formation continue : <\/h3>\r\n\r\n                         <p>R\u00e9guli\u00e8rement en contact avec des lamas tib\u00e9tains, je continue d'enrichir mes connaissances de la culture tib\u00e9taine et de ses \r\n\r\n                         pratiques subtiles, des techniques de m\u00e9ditation, de yoga et de tsalung. <br>\r\n\r\n                         J'ai organis\u00e9 avec eux les salons Zen et Qi \" bouddhisme et bien-\u00eatre \".<br>\r\n\r\n                         J'enm\u00e8ne maintenant des petits groupes dans l'Hymalaya.\r\n\t\t\t\t\t\t <\/p>\r\n\r\n\r\n   \r\n\r\n                        <h3>Documentation :<\/h3>\r\n\r\n                        <p>J'ai enregistr\u00e9 deux CD de cours de yoga tib\u00e9tain \u00e9dit\u00e9s par \" Le Souffle d'Or \", et compos\u00e9 plusieurs CD de musiques de relaxation \r\n\r\n                        avec le duo \" Phinuel \". <\/p>","_et_gb_content_width":"","footnotes":""},"class_list":["post-1117","page","type-page","status-publish","hentry"],"_links":{"self":[{"href":"https:\/\/www.zenetqi.fr\/index.php\/wp-json\/wp\/v2\/pages\/1117","targetHints":{"allow":["GET"]}}],"collection":[{"href":"https:\/\/www.zenetqi.fr\/index.php\/wp-json\/wp\/v2\/pages"}],"about":[{"href":"https:\/\/www.zenetqi.fr\/index.php\/wp-json\/wp\/v2\/types\/page"}],"author":[{"embeddable":true,"href":"https:\/\/www.zenetqi.fr\/index.php\/wp-json\/wp\/v2\/users\/1"}],"replies":[{"embeddable":true,"href":"https:\/\/www.zenetqi.fr\/index.php\/wp-json\/wp\/v2\/comments?post=1117"}],"version-history":[{"count":16,"href":"https:\/\/www.zenetqi.fr\/index.php\/wp-json\/wp\/v2\/pages\/1117\/revisions"}],"predecessor-version":[{"id":2705,"href":"https:\/\/www.zenetqi.fr\/index.php\/wp-json\/wp\/v2\/pages\/1117\/revisions\/2705"}],"wp:attachment":[{"href":"https:\/\/www.zenetqi.fr\/index.php\/wp-json\/wp\/v2\/media?parent=1117"}],"curies":[{"name":"wp","href":"https:\/\/api.w.org\/{rel}","templated":true}]}}