{"id":1083,"date":"2019-09-05T17:08:12","date_gmt":"2019-09-05T15:08:12","guid":{"rendered":"https:\/\/www.zenetqi.fr\/?page_id=1083"},"modified":"2020-09-04T20:59:10","modified_gmt":"2020-09-04T18:59:10","slug":"helene-landais","status":"publish","type":"page","link":"https:\/\/www.zenetqi.fr\/index.php\/helene-landais\/","title":{"rendered":"H\u00e9l\u00e8ne Landais"},"content":{"rendered":"<p>[et_pb_section fb_built=\u00a0\u00bb1&Prime; fullwidth=\u00a0\u00bbon\u00a0\u00bb _builder_version=\u00a0\u00bb3.27.4&Prime; background_color=\u00a0\u00bb#f2f2f2&Prime; custom_padding=\u00a0\u00bb||100px||false|false\u00a0\u00bb][et_pb_fullwidth_post_title meta=\u00a0\u00bboff\u00a0\u00bb featured_image=\u00a0\u00bboff\u00a0\u00bb _builder_version=\u00a0\u00bb3.27.4&Prime; title_text_align=\u00a0\u00bbcenter\u00a0\u00bb title_font_size=\u00a0\u00bb36px\u00a0\u00bb][\/et_pb_fullwidth_post_title][\/et_pb_section][et_pb_section fb_built=\u00a0\u00bb1&Prime; _builder_version=\u00a0\u00bb3.22&Prime;][et_pb_row _builder_version=\u00a0\u00bb4.4.8&Prime; background_size=\u00a0\u00bbinitial\u00a0\u00bb background_position=\u00a0\u00bbtop_left\u00a0\u00bb background_repeat=\u00a0\u00bbrepeat\u00a0\u00bb][et_pb_column type=\u00a0\u00bb4_4&Prime; _builder_version=\u00a0\u00bb3.25&Prime; custom_padding=\u00a0\u00bb|||\u00a0\u00bb custom_padding__hover=\u00a0\u00bb|||\u00a0\u00bb][et_pb_image src=\u00a0\u00bbhttps:\/\/www.zenetqi.fr\/wp-content\/uploads\/2020\/09\/Helene.jpg\u00a0\u00bb align=\u00a0\u00bbcenter\u00a0\u00bb _builder_version=\u00a0\u00bb4.4.8&Prime; hover_enabled=\u00a0\u00bb0&Prime; alt=\u00a0\u00bbHelene\u00a0\u00bb title_text=\u00a0\u00bbHelene Landais\u00a0\u00bb][\/et_pb_image][et_pb_text _builder_version=\u00a0\u00bb3.28&Prime; background_size=\u00a0\u00bbinitial\u00a0\u00bb background_position=\u00a0\u00bbtop_left\u00a0\u00bb background_repeat=\u00a0\u00bbrepeat\u00a0\u00bb text_orientation=\u00a0\u00bbjustified\u00a0\u00bb]<\/p>\n<h2>Mon Enseignement :<\/h2>\n<p>Le Qi Gong que je propose est issu de l\u2019Ecole d\u2019Yves REQUENA.<\/p>\n<p>Form\u00e9 par Dominique Bouat, je \u00a0propose une \u00a0connexion \u00e0 soi m\u00eame au travers des mouvements mill\u00e9naires issus de la m\u00e9decine traditionnelle chinoise.<\/p>\n<p>Il s\u2019agit d\u2019apprendre \u00e0 poser l\u2019intention, la respiration et vivre le mouvement pour une d\u00e9couvrir son \u00e9nergie. Les bienfaits sont multiples\u00a0:<\/p>\n<ul>\n<li>D\u00e9tente du corps,<\/li>\n<li>Calme de l\u2019esprit,<\/li>\n<li>R\u00e9veil de l\u2019\u00e9nergie qui sommeil en nous<\/li>\n<li>Acc\u00e8s \u00e0 un bien \u00eatre durable.<\/li>\n<\/ul>\n<p>[\/et_pb_text][et_pb_button button_url=\u00a0\u00bbhttps:\/\/www.zenetqi.fr\/index.php\/atelier-de-qi-gong\/\u00a0\u00bb button_text=\u00a0\u00bbVoir mes cours\u00a0\u00bb button_alignment=\u00a0\u00bbcenter\u00a0\u00bb _builder_version=\u00a0\u00bb3.27.4&Prime;][\/et_pb_button][\/et_pb_column][\/et_pb_row][\/et_pb_section]<\/p>\n","protected":false},"excerpt":{"rendered":"<p>Mon Enseignement : Le Qi Gong que je propose est issu de l\u2019Ecole d\u2019Yves REQUENA. Form\u00e9 par Dominique Bouat, je \u00a0propose une \u00a0connexion \u00e0 soi m\u00eame au travers des mouvements mill\u00e9naires issus de la m\u00e9decine traditionnelle chinoise. Il s\u2019agit d\u2019apprendre \u00e0 poser l\u2019intention, la respiration et vivre le mouvement pour une d\u00e9couvrir son \u00e9nergie. Les [&hellip;]<\/p>\n","protected":false},"author":1,"featured_media":0,"parent":0,"menu_order":0,"comment_status":"closed","ping_status":"closed","template":"","meta":{"_et_pb_use_builder":"on","_et_pb_old_content":"<img class=\"size-full wp-image-1080 aligncenter\" src=\"https:\/\/www.zenetqi.fr\/wp-content\/uploads\/2019\/09\/Helene4127.jpg\" alt=\"\" width=\"283\" height=\"259\" \/>\r\n\r\n\u00a0\r\n\r\nLe Qi Gong que je propose est issu de l\u2019Ecole d\u2019Yves REQUENA.\r\n\r\nForm\u00e9 par Dominique Bouat, je \u00a0propose une \u00a0connexion \u00e0 soi m\u00eame au travers des mouvements mill\u00e9naires issus de la m\u00e9decine traditionnelle chinoise.\r\n\r\nIl s\u2019agit d\u2019apprendre \u00e0 poser l\u2019intention, la respiration et vivre le mouvement pour une d\u00e9couvrir son \u00e9nergie. Les bienfaits sont multiples\u00a0:\r\n\r\nD\u00e9tente du corps,\r\n\r\nCalme de l\u2019esprit,\r\n\r\nR\u00e9veille de l\u2019\u00e9nergie qui sommeil en nous\r\n\r\nAcc\u00e9der \u00e0 un bien \u00eatre durable.\r\n\r\n\u00a0\r\n\r\nLes ateliers ont lieux le mardi \u00e0 20h au centre Zen et Qi\r\n\r\nTarifs \u00e0 l'ann\u00e9e (32 cours) :\r\n- Ateliers collectifs de 3\/4 d'heure : 348 \u20ac\r\nTarifs pr\u00e9f\u00e9rentiels : chomeur ou \u00e9tudiant : - 20%, famille : - 10%\r\nAdh\u00e9sion (obligatoire pour valider l'inscription) : 20 \u20ac\r\n\r\n(Nous contacter en cas de difficult\u00e9s financi\u00e8res).\r\n\r\nReprise le 16 septembre 2019, fin des cours le 23 juin.","_et_gb_content_width":"","footnotes":""},"class_list":["post-1083","page","type-page","status-publish","hentry"],"_links":{"self":[{"href":"https:\/\/www.zenetqi.fr\/index.php\/wp-json\/wp\/v2\/pages\/1083","targetHints":{"allow":["GET"]}}],"collection":[{"href":"https:\/\/www.zenetqi.fr\/index.php\/wp-json\/wp\/v2\/pages"}],"about":[{"href":"https:\/\/www.zenetqi.fr\/index.php\/wp-json\/wp\/v2\/types\/page"}],"author":[{"embeddable":true,"href":"https:\/\/www.zenetqi.fr\/index.php\/wp-json\/wp\/v2\/users\/1"}],"replies":[{"embeddable":true,"href":"https:\/\/www.zenetqi.fr\/index.php\/wp-json\/wp\/v2\/comments?post=1083"}],"version-history":[{"count":16,"href":"https:\/\/www.zenetqi.fr\/index.php\/wp-json\/wp\/v2\/pages\/1083\/revisions"}],"predecessor-version":[{"id":1975,"href":"https:\/\/www.zenetqi.fr\/index.php\/wp-json\/wp\/v2\/pages\/1083\/revisions\/1975"}],"wp:attachment":[{"href":"https:\/\/www.zenetqi.fr\/index.php\/wp-json\/wp\/v2\/media?parent=1083"}],"curies":[{"name":"wp","href":"https:\/\/api.w.org\/{rel}","templated":true}]}}